{"id":1611,"date":"2020-04-27T11:19:54","date_gmt":"2020-04-27T14:19:54","guid":{"rendered":"https:\/\/iglesiarincon.org\/revista\/?page_id=1611"},"modified":"2020-11-21T12:02:02","modified_gmt":"2020-11-21T15:02:02","slug":"audios-estudios","status":"publish","type":"page","link":"https:\/\/iglesiarincon.org\/revista\/audios-estudios\/","title":{"rendered":"Audios Estudios"},"content":{"rendered":"[et_pb_section fb_built=\u00bb1&#8243; fullwidth=\u00bbon\u00bb _builder_version=\u00bb4.4.1&#8243;][et_pb_fullwidth_post_slider include_categories=\u00bb49&#8243; show_pagination=\u00bboff\u00bb more_text=\u00bbIr al Audio\u00bb show_meta=\u00bboff\u00bb use_bg_overlay=\u00bboff\u00bb use_text_overlay=\u00bbon\u00bb text_border_radius=\u00bb23px\u00bb _builder_version=\u00bb4.4.4&#8243; background_color=\u00bbrgba(0,0,0,0)\u00bb custom_padding=\u00bb80px||40px|||\u00bb animation_style=\u00bbslide\u00bb animation_direction=\u00bbleft\u00bb auto=\u00bbon\u00bb hover_transition_duration=\u00bb200ms\u00bb][\/et_pb_fullwidth_post_slider][\/et_pb_section][et_pb_section fb_built=\u00bb1&#8243; fullwidth=\u00bbon\u00bb _builder_version=\u00bb4.4.3&#8243;][et_pb_fullwidth_menu menu_id=\u00bb52&#8243; fullwidth_menu=\u00bboff\u00bb show_search_icon=\u00bbon\u00bb search_icon_color=\u00bb#FFFFFF\u00bb _builder_version=\u00bb4.4.4&#8243; menu_text_color=\u00bb#FFFFFF\u00bb menu_font_size=\u00bb16px\u00bb background_color=\u00bb#1555a3&#8243; menu_text_shadow_style=\u00bbpreset1&#8243;][\/et_pb_fullwidth_menu][\/et_pb_section][et_pb_section fb_built=\u00bb1&#8243; _builder_version=\u00bb4.4.1&#8243;][et_pb_row _builder_version=\u00bb4.4.1&#8243;][et_pb_column type=\u00bb4_4&#8243; _builder_version=\u00bb4.4.1&#8243;][et_pb_text _builder_version=\u00bb4.7.3&#8243; hover_enabled=\u00bb0&#8243; sticky_enabled=\u00bb0&#8243;]\n<h2>1\u00b0 TESalonicenses<\/h2>\n[\/et_pb_text][et_pb_blog fullwidth=\u00bboff\u00bb include_categories=\u00bb56&#8243; excerpt_length=\u00bb150&#8243; show_categories=\u00bboff\u00bb show_pagination=\u00bboff\u00bb _builder_version=\u00bb4.6.6&#8243; border_width_all=\u00bb2px\u00bb border_color_all=\u00bb#d9d9d9&#8243;][\/et_pb_blog][\/et_pb_column][\/et_pb_row][et_pb_row _builder_version=\u00bb4.4.1&#8243;][et_pb_column type=\u00bb4_4&#8243; _builder_version=\u00bb4.4.1&#8243;][et_pb_text _builder_version=\u00bb4.4.4&#8243;]\n<h2>1\u00b0 Pedro<\/h2>\n[\/et_pb_text][et_pb_blog fullwidth=\u00bboff\u00bb include_categories=\u00bb51&#8243; excerpt_length=\u00bb150&#8243; show_categories=\u00bboff\u00bb show_pagination=\u00bboff\u00bb _builder_version=\u00bb4.4.4&#8243; border_width_all=\u00bb2px\u00bb border_color_all=\u00bb#d9d9d9&#8243;][\/et_pb_blog][\/et_pb_column][\/et_pb_row][et_pb_row _builder_version=\u00bb4.4.3&#8243;][et_pb_column type=\u00bb4_4&#8243; _builder_version=\u00bb4.4.3&#8243;][et_pb_menu menu_id=\u00bb52&#8243; show_search_icon=\u00bbon\u00bb search_icon_color=\u00bb#FFFFFF\u00bb _builder_version=\u00bb4.4.4&#8243; menu_font_size=\u00bb15px\u00bb background_color=\u00bb#0C71C3&#8243; background_layout=\u00bbdark\u00bb module_alignment=\u00bbcenter\u00bb custom_padding=\u00bb|||20px|false|false\u00bb][\/et_pb_menu][et_pb_text _builder_version=\u00bb4.4.3&#8243;]\n<h2>La RESURRECCI\u00d3N de Jesucristo<\/h2>\n[\/et_pb_text][et_pb_blog fullwidth=\u00bboff\u00bb include_categories=\u00bb45&#8243; _builder_version=\u00bb4.4.4&#8243;][\/et_pb_blog][\/et_pb_column][\/et_pb_row][et_pb_row _builder_version=\u00bb4.4.3&#8243;][et_pb_column type=\u00bb4_4&#8243; _builder_version=\u00bb4.4.3&#8243;][et_pb_menu menu_id=\u00bb52&#8243; show_search_icon=\u00bbon\u00bb search_icon_color=\u00bb#FFFFFF\u00bb _builder_version=\u00bb4.4.4&#8243; menu_font_size=\u00bb15px\u00bb background_color=\u00bb#0C71C3&#8243; background_layout=\u00bbdark\u00bb module_alignment=\u00bbcenter\u00bb custom_padding=\u00bb|||20px|false|false\u00bb][\/et_pb_menu][et_pb_text _builder_version=\u00bb4.4.3&#8243;]\n<h2>Los Sufrimientos del Se\u00f1or Jues\u00fas<\/h2>\n[\/et_pb_text][et_pb_blog fullwidth=\u00bboff\u00bb include_categories=\u00bb42&#8243; _builder_version=\u00bb4.4.3&#8243;][\/et_pb_blog][\/et_pb_column][\/et_pb_row][\/et_pb_section]\n","protected":false},"excerpt":{"rendered":"<p>1\u00b0 TESalonicenses 1\u00b0 PedroLa RESURRECCI\u00d3N de JesucristoLos Sufrimientos del Se\u00f1or Jues\u00fas<\/p>\n","protected":false},"author":1,"featured_media":0,"parent":0,"menu_order":0,"comment_status":"closed","ping_status":"closed","template":"","meta":{"_et_pb_use_builder":"on","_et_pb_old_content":"","_et_gb_content_width":"","footnotes":""},"class_list":["post-1611","page","type-page","status-publish","hentry"],"yoast_head":"<!-- This site is optimized with the Yoast SEO plugin v27.5 - https:\/\/yoast.com\/product\/yoast-seo-wordpress\/ -->\n<title>Audios Estudios - La Revista de Rinc&oacute;n<\/title>\n<meta name=\"robots\" content=\"index, follow, max-snippet:-1, max-image-preview:large, max-video-preview:-1\" \/>\n<link rel=\"canonical\" href=\"https:\/\/iglesiarincon.org\/revista\/audios-estudios\/\" \/>\n<meta property=\"og:locale\" content=\"es_ES\" \/>\n<meta property=\"og:type\" content=\"article\" \/>\n<meta property=\"og:title\" content=\"Audios Estudios - La Revista de Rinc&oacute;n\" \/>\n<meta property=\"og:description\" content=\"1\u00b0 TESalonicenses 1\u00b0 PedroLa RESURRECCI\u00d3N de JesucristoLos Sufrimientos del Se\u00f1or Jues\u00fas\" \/>\n<meta property=\"og:url\" content=\"https:\/\/iglesiarincon.org\/revista\/audios-estudios\/\" \/>\n<meta property=\"og:site_name\" content=\"La Revista de Rinc&oacute;n\" \/>\n<meta property=\"article:modified_time\" content=\"2020-11-21T15:02:02+00:00\" \/>\n<meta name=\"twitter:card\" content=\"summary_large_image\" \/>\n<meta name=\"twitter:label1\" content=\"Tiempo de lectura\" \/>\n\t<meta name=\"twitter:data1\" content=\"2 minutos\" \/>\n<script type=\"application\/ld+json\" class=\"yoast-schema-graph\">{\"@context\":\"https:\\\/\\\/schema.org\",\"@graph\":[{\"@type\":\"WebPage\",\"@id\":\"https:\\\/\\\/iglesiarincon.org\\\/revista\\\/audios-estudios\\\/\",\"url\":\"https:\\\/\\\/iglesiarincon.org\\\/revista\\\/audios-estudios\\\/\",\"name\":\"Audios Estudios - La Revista de Rinc&oacute;n\",\"isPartOf\":{\"@id\":\"https:\\\/\\\/iglesiarincon.org\\\/revista\\\/#website\"},\"datePublished\":\"2020-04-27T14:19:54+00:00\",\"dateModified\":\"2020-11-21T15:02:02+00:00\",\"breadcrumb\":{\"@id\":\"https:\\\/\\\/iglesiarincon.org\\\/revista\\\/audios-estudios\\\/#breadcrumb\"},\"inLanguage\":\"es\",\"potentialAction\":[{\"@type\":\"ReadAction\",\"target\":[\"https:\\\/\\\/iglesiarincon.org\\\/revista\\\/audios-estudios\\\/\"]}]},{\"@type\":\"BreadcrumbList\",\"@id\":\"https:\\\/\\\/iglesiarincon.org\\\/revista\\\/audios-estudios\\\/#breadcrumb\",\"itemListElement\":[{\"@type\":\"ListItem\",\"position\":1,\"name\":\"Portada\",\"item\":\"https:\\\/\\\/iglesiarincon.org\\\/revista\\\/\"},{\"@type\":\"ListItem\",\"position\":2,\"name\":\"Audios Estudios\"}]},{\"@type\":\"WebSite\",\"@id\":\"https:\\\/\\\/iglesiarincon.org\\\/revista\\\/#website\",\"url\":\"https:\\\/\\\/iglesiarincon.org\\\/revista\\\/\",\"name\":\"La Revista de Rinc&oacute;n\",\"description\":\"Compartiendo lo mejor\",\"potentialAction\":[{\"@type\":\"SearchAction\",\"target\":{\"@type\":\"EntryPoint\",\"urlTemplate\":\"https:\\\/\\\/iglesiarincon.org\\\/revista\\\/?s={search_term_string}\"},\"query-input\":{\"@type\":\"PropertyValueSpecification\",\"valueRequired\":true,\"valueName\":\"search_term_string\"}}],\"inLanguage\":\"es\"}]}<\/script>\n<!-- \/ Yoast SEO plugin. -->","yoast_head_json":{"title":"Audios Estudios - La Revista de Rinc&oacute;n","robots":{"index":"index","follow":"follow","max-snippet":"max-snippet:-1","max-image-preview":"max-image-preview:large","max-video-preview":"max-video-preview:-1"},"canonical":"https:\/\/iglesiarincon.org\/revista\/audios-estudios\/","og_locale":"es_ES","og_type":"article","og_title":"Audios Estudios - La Revista de Rinc&oacute;n","og_description":"1\u00b0 TESalonicenses 1\u00b0 PedroLa RESURRECCI\u00d3N de JesucristoLos Sufrimientos del Se\u00f1or Jues\u00fas","og_url":"https:\/\/iglesiarincon.org\/revista\/audios-estudios\/","og_site_name":"La Revista de Rinc&oacute;n","article_modified_time":"2020-11-21T15:02:02+00:00","twitter_card":"summary_large_image","twitter_misc":{"Tiempo de lectura":"2 minutos"},"schema":{"@context":"https:\/\/schema.org","@graph":[{"@type":"WebPage","@id":"https:\/\/iglesiarincon.org\/revista\/audios-estudios\/","url":"https:\/\/iglesiarincon.org\/revista\/audios-estudios\/","name":"Audios Estudios - La Revista de Rinc&oacute;n","isPartOf":{"@id":"https:\/\/iglesiarincon.org\/revista\/#website"},"datePublished":"2020-04-27T14:19:54+00:00","dateModified":"2020-11-21T15:02:02+00:00","breadcrumb":{"@id":"https:\/\/iglesiarincon.org\/revista\/audios-estudios\/#breadcrumb"},"inLanguage":"es","potentialAction":[{"@type":"ReadAction","target":["https:\/\/iglesiarincon.org\/revista\/audios-estudios\/"]}]},{"@type":"BreadcrumbList","@id":"https:\/\/iglesiarincon.org\/revista\/audios-estudios\/#breadcrumb","itemListElement":[{"@type":"ListItem","position":1,"name":"Portada","item":"https:\/\/iglesiarincon.org\/revista\/"},{"@type":"ListItem","position":2,"name":"Audios Estudios"}]},{"@type":"WebSite","@id":"https:\/\/iglesiarincon.org\/revista\/#website","url":"https:\/\/iglesiarincon.org\/revista\/","name":"La Revista de Rinc&oacute;n","description":"Compartiendo lo mejor","potentialAction":[{"@type":"SearchAction","target":{"@type":"EntryPoint","urlTemplate":"https:\/\/iglesiarincon.org\/revista\/?s={search_term_string}"},"query-input":{"@type":"PropertyValueSpecification","valueRequired":true,"valueName":"search_term_string"}}],"inLanguage":"es"}]}},"_links":{"self":[{"href":"https:\/\/iglesiarincon.org\/revista\/wp-json\/wp\/v2\/pages\/1611","targetHints":{"allow":["GET"]}}],"collection":[{"href":"https:\/\/iglesiarincon.org\/revista\/wp-json\/wp\/v2\/pages"}],"about":[{"href":"https:\/\/iglesiarincon.org\/revista\/wp-json\/wp\/v2\/types\/page"}],"author":[{"embeddable":true,"href":"https:\/\/iglesiarincon.org\/revista\/wp-json\/wp\/v2\/users\/1"}],"replies":[{"embeddable":true,"href":"https:\/\/iglesiarincon.org\/revista\/wp-json\/wp\/v2\/comments?post=1611"}],"version-history":[{"count":5,"href":"https:\/\/iglesiarincon.org\/revista\/wp-json\/wp\/v2\/pages\/1611\/revisions"}],"predecessor-version":[{"id":5511,"href":"https:\/\/iglesiarincon.org\/revista\/wp-json\/wp\/v2\/pages\/1611\/revisions\/5511"}],"wp:attachment":[{"href":"https:\/\/iglesiarincon.org\/revista\/wp-json\/wp\/v2\/media?parent=1611"}],"curies":[{"name":"wp","href":"https:\/\/api.w.org\/{rel}","templated":true}]}}